{"id":1954,"date":"2024-03-22T17:40:41","date_gmt":"2024-03-22T16:40:41","guid":{"rendered":"https:\/\/www.bdas-wwsb.brussels\/?page_id=1954"},"modified":"2026-03-28T13:30:02","modified_gmt":"2026-03-28T12:30:02","slug":"aide-sociale-et-cpas","status":"publish","type":"page","link":"https:\/\/www.bdas-wwsb.brussels\/?page_id=1954","title":{"rendered":"Aide Sociale et CPAS"},"content":{"rendered":"\t\t<div data-elementor-type=\"wp-page\" data-elementor-id=\"1954\" class=\"elementor elementor-1954\" data-elementor-post-type=\"page\">\n\t\t\t\t\t\t<section class=\"elementor-section elementor-top-section elementor-element elementor-element-0a2fb22 elementor-section-boxed elementor-section-height-default elementor-section-height-default\" data-id=\"0a2fb22\" data-element_type=\"section\" data-e-type=\"section\">\n\t\t\t\t\t\t<div class=\"elementor-container elementor-column-gap-default\">\n\t\t\t\t\t<div class=\"elementor-column elementor-col-50 elementor-top-column elementor-element elementor-element-e683456\" data-id=\"e683456\" data-element_type=\"column\" data-e-type=\"column\">\n\t\t\t<div class=\"elementor-widget-wrap elementor-element-populated\">\n\t\t\t\t\t\t<div class=\"elementor-element elementor-element-e9cbebe elementor-widget elementor-widget-heading\" data-id=\"e9cbebe\" data-element_type=\"widget\" data-e-type=\"widget\" data-widget_type=\"heading.default\">\n\t\t\t\t<div class=\"elementor-widget-container\">\n\t\t\t\t\t<h1 class=\"elementor-heading-title elementor-size-default\">Qu\u2019est-ce que le droit \u00e0 l\u2019aide sociale&nbsp;? Que recouvre-t-il&nbsp;?<\/h1>\t\t\t\t<\/div>\n\t\t\t\t<\/div>\n\t\t\t\t<div class=\"elementor-element elementor-element-a9dc0bf elementor-grid-1 elementor-posts--thumbnail-none elementor-posts--align-left elementor-grid-tablet-1 elementor-grid-mobile-1 elementor-widget elementor-widget-posts\" data-id=\"a9dc0bf\" data-element_type=\"widget\" data-e-type=\"widget\" data-settings=\"{&quot;classic_columns&quot;:&quot;1&quot;,&quot;classic_row_gap&quot;:{&quot;unit&quot;:&quot;px&quot;,&quot;size&quot;:10,&quot;sizes&quot;:[]},&quot;classic_columns_tablet&quot;:&quot;1&quot;,&quot;pagination_type&quot;:&quot;numbers_and_prev_next&quot;,&quot;classic_columns_mobile&quot;:&quot;1&quot;,&quot;classic_row_gap_tablet&quot;:{&quot;unit&quot;:&quot;px&quot;,&quot;size&quot;:&quot;&quot;,&quot;sizes&quot;:[]},&quot;classic_row_gap_mobile&quot;:{&quot;unit&quot;:&quot;px&quot;,&quot;size&quot;:&quot;&quot;,&quot;sizes&quot;:[]}}\" data-widget_type=\"posts.classic\">\n\t\t\t\t<div class=\"elementor-widget-container\">\n\t\t\t\t\t\t\t<div class=\"elementor-posts-container elementor-posts elementor-posts--skin-classic elementor-grid\" role=\"list\">\n\t\t\t\t<article class=\"elementor-post elementor-grid-item post-638 post type-post status-publish format-standard hentry category-aide-sociale-cpas tag-sociale\" role=\"listitem\">\n\t\t\t\t<div class=\"elementor-post__text\">\n\t\t\t\t<h3 class=\"elementor-post__title\">\n\t\t\t<a href=\"https:\/\/www.bdas-wwsb.brussels\/?p=638\" >\n\t\t\t\t1. Qu&rsquo;est-ce que le droit \u00e0 l\u2019aide sociale&nbsp;?\t\t\t<\/a>\n\t\t<\/h3>\n\t\t\t\t<\/div>\n\t\t\t\t<\/article>\n\t\t\t\t<article class=\"elementor-post elementor-grid-item post-637 post type-post status-publish format-standard hentry category-aide-sociale-cpas tag-sociale\" role=\"listitem\">\n\t\t\t\t<div class=\"elementor-post__text\">\n\t\t\t\t<h3 class=\"elementor-post__title\">\n\t\t\t<a href=\"https:\/\/www.bdas-wwsb.brussels\/?p=637\" >\n\t\t\t\t1.1. Quelle est la base l\u00e9gale du droit \u00e0 l\u2019aide sociale&nbsp;?\t\t\t<\/a>\n\t\t<\/h3>\n\t\t\t\t<\/div>\n\t\t\t\t<\/article>\n\t\t\t\t<article class=\"elementor-post elementor-grid-item post-636 post type-post status-publish format-standard hentry category-aide-sociale-cpas tag-sociale\" role=\"listitem\">\n\t\t\t\t<div class=\"elementor-post__text\">\n\t\t\t\t<h3 class=\"elementor-post__title\">\n\t\t\t<a href=\"https:\/\/www.bdas-wwsb.brussels\/?p=636\" >\n\t\t\t\t1.2. Comment se structure le droit \u00e0 l&rsquo;aide sociale&nbsp;?\t\t\t<\/a>\n\t\t<\/h3>\n\t\t\t\t<\/div>\n\t\t\t\t<\/article>\n\t\t\t\t<article class=\"elementor-post elementor-grid-item post-673 post type-post status-publish format-standard hentry category-aide-sociale-cpas tag-sociale\" role=\"listitem\">\n\t\t\t\t<div class=\"elementor-post__text\">\n\t\t\t\t<h3 class=\"elementor-post__title\">\n\t\t\t<a href=\"https:\/\/www.bdas-wwsb.brussels\/?p=673\" >\n\t\t\t\t1.3. Que signifie le droit de mener une vie conforme \u00e0 la dignit\u00e9 humaine&nbsp;?\t\t\t<\/a>\n\t\t<\/h3>\n\t\t\t\t<\/div>\n\t\t\t\t<\/article>\n\t\t\t\t<article class=\"elementor-post elementor-grid-item post-677 post type-post status-publish format-standard hentry category-aide-sociale-cpas tag-sociale\" role=\"listitem\">\n\t\t\t\t<div class=\"elementor-post__text\">\n\t\t\t\t<h3 class=\"elementor-post__title\">\n\t\t\t<a href=\"https:\/\/www.bdas-wwsb.brussels\/?p=677\" >\n\t\t\t\t1.4. Qu\u2019est-ce qu\u2019un droit r\u00e9siduaire&nbsp;?\t\t\t<\/a>\n\t\t<\/h3>\n\t\t\t\t<\/div>\n\t\t\t\t<\/article>\n\t\t\t\t<article class=\"elementor-post elementor-grid-item post-680 post type-post status-publish format-standard hentry category-aide-sociale-cpas tag-sociale\" role=\"listitem\">\n\t\t\t\t<div class=\"elementor-post__text\">\n\t\t\t\t<h3 class=\"elementor-post__title\">\n\t\t\t<a href=\"https:\/\/www.bdas-wwsb.brussels\/?p=680\" >\n\t\t\t\t2. Le droit \u00e0 l\u2019int\u00e9gration sociale, c\u2019est quoi&nbsp;?\t\t\t<\/a>\n\t\t<\/h3>\n\t\t\t\t<\/div>\n\t\t\t\t<\/article>\n\t\t\t\t<article class=\"elementor-post elementor-grid-item post-1 post type-post status-publish format-standard hentry category-aide-sociale-cpas tag-sociale\" role=\"listitem\">\n\t\t\t\t<div class=\"elementor-post__text\">\n\t\t\t\t<h3 class=\"elementor-post__title\">\n\t\t\t<a href=\"https:\/\/www.bdas-wwsb.brussels\/?p=1\" >\n\t\t\t\t2.1. Qu\u2019est-ce que le droit \u00e0 l\u2019int\u00e9gration sociale&nbsp;? Quelle est sa base l\u00e9gale&nbsp;?\t\t\t<\/a>\n\t\t<\/h3>\n\t\t\t\t<\/div>\n\t\t\t\t<\/article>\n\t\t\t\t<article class=\"elementor-post elementor-grid-item post-3453 post type-post status-publish format-standard hentry category-aide-sociale-cpas tag-sociale\" role=\"listitem\">\n\t\t\t\t<div class=\"elementor-post__text\">\n\t\t\t\t<h3 class=\"elementor-post__title\">\n\t\t\t<a href=\"https:\/\/www.bdas-wwsb.brussels\/?p=3453\" >\n\t\t\t\t2.2. Quelles sont les 6 conditions \u00e0 remplir pour obtenir le droit \u00e0 l\u2019int\u00e9gration sociale&nbsp;?\t\t\t<\/a>\n\t\t<\/h3>\n\t\t\t\t<\/div>\n\t\t\t\t<\/article>\n\t\t\t\t<article class=\"elementor-post elementor-grid-item post-2950 post type-post status-publish format-standard hentry category-aide-sociale-cpas tag-sociale\" role=\"listitem\">\n\t\t\t\t<div class=\"elementor-post__text\">\n\t\t\t\t<h3 class=\"elementor-post__title\">\n\t\t\t<a href=\"https:\/\/www.bdas-wwsb.brussels\/?p=2950\" >\n\t\t\t\t2.2.0. Les 6 conditions pr\u00e9vues par la loi\t\t\t<\/a>\n\t\t<\/h3>\n\t\t\t\t<\/div>\n\t\t\t\t<\/article>\n\t\t\t\t<article class=\"elementor-post elementor-grid-item post-3707 post type-post status-publish format-standard hentry category-aide-sociale-cpas tag-sociale\" role=\"listitem\">\n\t\t\t\t<div class=\"elementor-post__text\">\n\t\t\t\t<h3 class=\"elementor-post__title\">\n\t\t\t<a href=\"https:\/\/www.bdas-wwsb.brussels\/?p=3707\" >\n\t\t\t\t2.2.1. Que signifie la condition d\u2019\u00eatre en Belgique&nbsp;?\t\t\t<\/a>\n\t\t<\/h3>\n\t\t\t\t<\/div>\n\t\t\t\t<\/article>\n\t\t\t\t<article class=\"elementor-post elementor-grid-item post-2958 post type-post status-publish format-standard hentry category-aide-sociale-cpas tag-sociale\" role=\"listitem\">\n\t\t\t\t<div class=\"elementor-post__text\">\n\t\t\t\t<h3 class=\"elementor-post__title\">\n\t\t\t<a href=\"https:\/\/www.bdas-wwsb.brussels\/?p=2958\" >\n\t\t\t\t2.2.1.1. Que recouvre la condition d\u2019\u00eatre en Belgique&nbsp;?\t\t\t<\/a>\n\t\t<\/h3>\n\t\t\t\t<\/div>\n\t\t\t\t<\/article>\n\t\t\t\t<article class=\"elementor-post elementor-grid-item post-2988 post type-post status-publish format-standard hentry category-aide-sociale-cpas tag-sociale\" role=\"listitem\">\n\t\t\t\t<div class=\"elementor-post__text\">\n\t\t\t\t<h3 class=\"elementor-post__title\">\n\t\t\t<a href=\"https:\/\/www.bdas-wwsb.brussels\/?p=2988\" >\n\t\t\t\t2.2.1.2. Puis-je s\u00e9journer \u00e0 l\u2019\u00e9tranger&nbsp;?\t\t\t<\/a>\n\t\t<\/h3>\n\t\t\t\t<\/div>\n\t\t\t\t<\/article>\n\t\t\t\t<article class=\"elementor-post elementor-grid-item post-2997 post type-post status-publish format-standard hentry category-aide-sociale-cpas tag-sociale\" role=\"listitem\">\n\t\t\t\t<div class=\"elementor-post__text\">\n\t\t\t\t<h3 class=\"elementor-post__title\">\n\t\t\t<a href=\"https:\/\/www.bdas-wwsb.brussels\/?p=2997\" >\n\t\t\t\t2.2.2. Que signifie la condition de nationalit\u00e9 ou de s\u00e9jour&nbsp;?\t\t\t<\/a>\n\t\t<\/h3>\n\t\t\t\t<\/div>\n\t\t\t\t<\/article>\n\t\t\t\t<article class=\"elementor-post elementor-grid-item post-3716 post type-post status-publish format-standard hentry category-aide-sociale-cpas tag-sociale\" role=\"listitem\">\n\t\t\t\t<div class=\"elementor-post__text\">\n\t\t\t\t<h3 class=\"elementor-post__title\">\n\t\t\t<a href=\"https:\/\/www.bdas-wwsb.brussels\/?p=3716\" >\n\t\t\t\t2.2.3. Que signifie la condition d\u2019\u00e2ge&nbsp;?\t\t\t<\/a>\n\t\t<\/h3>\n\t\t\t\t<\/div>\n\t\t\t\t<\/article>\n\t\t\t\t<article class=\"elementor-post elementor-grid-item post-3002 post type-post status-publish format-standard hentry category-aide-sociale-cpas tag-sociale\" role=\"listitem\">\n\t\t\t\t<div class=\"elementor-post__text\">\n\t\t\t\t<h3 class=\"elementor-post__title\">\n\t\t\t<a href=\"https:\/\/www.bdas-wwsb.brussels\/?p=3002\" >\n\t\t\t\t2.2.3.1. Que recouvre la condition d\u2019\u00e2ge&nbsp;? Que signifie \u00eatre majeur(e)&nbsp;?\t\t\t<\/a>\n\t\t<\/h3>\n\t\t\t\t<\/div>\n\t\t\t\t<\/article>\n\t\t\t\t<article class=\"elementor-post elementor-grid-item post-3007 post type-post status-publish format-standard hentry category-aide-sociale-cpas tag-sociale\" role=\"listitem\">\n\t\t\t\t<div class=\"elementor-post__text\">\n\t\t\t\t<h3 class=\"elementor-post__title\">\n\t\t\t<a href=\"https:\/\/www.bdas-wwsb.brussels\/?p=3007\" >\n\t\t\t\t2.2.3.2. Je suis mineur(e) mais je ne vis plus chez mes parents, ai-je droit au revenu d\u2019int\u00e9gration et\/ou \u00e0 l\u2019aide sociale&nbsp;?\t\t\t<\/a>\n\t\t<\/h3>\n\t\t\t\t<\/div>\n\t\t\t\t<\/article>\n\t\t\t\t<article class=\"elementor-post elementor-grid-item post-3730 post type-post status-publish format-standard hentry category-aide-sociale-cpas tag-sociale\" role=\"listitem\">\n\t\t\t\t<div class=\"elementor-post__text\">\n\t\t\t\t<h3 class=\"elementor-post__title\">\n\t\t\t<a href=\"https:\/\/www.bdas-wwsb.brussels\/?p=3730\" >\n\t\t\t\t2.2.4. Que signifie la condition de ne pas disposer de ressources suffisantes&nbsp;?\t\t\t<\/a>\n\t\t<\/h3>\n\t\t\t\t<\/div>\n\t\t\t\t<\/article>\n\t\t\t\t<article class=\"elementor-post elementor-grid-item post-3015 post type-post status-publish format-standard hentry category-aide-sociale-cpas tag-sociale\" role=\"listitem\">\n\t\t\t\t<div class=\"elementor-post__text\">\n\t\t\t\t<h3 class=\"elementor-post__title\">\n\t\t\t<a href=\"https:\/\/www.bdas-wwsb.brussels\/?p=3015\" >\n\t\t\t\t2.2.4.1. Que signifie l&rsquo;absence de ressources suffisantes&nbsp;?\t\t\t<\/a>\n\t\t<\/h3>\n\t\t\t\t<\/div>\n\t\t\t\t<\/article>\n\t\t\t\t<article class=\"elementor-post elementor-grid-item post-3020 post type-post status-publish format-standard hentry category-aide-sociale-cpas tag-sociale\" role=\"listitem\">\n\t\t\t\t<div class=\"elementor-post__text\">\n\t\t\t\t<h3 class=\"elementor-post__title\">\n\t\t\t<a href=\"https:\/\/www.bdas-wwsb.brussels\/?p=3020\" >\n\t\t\t\t2.2.4.2. Quelles sont les 3 cat\u00e9gories de b\u00e9n\u00e9ficiaires&nbsp;?\t\t\t<\/a>\n\t\t<\/h3>\n\t\t\t\t<\/div>\n\t\t\t\t<\/article>\n\t\t\t\t<article class=\"elementor-post elementor-grid-item post-3226 post type-post status-publish format-standard hentry category-aide-sociale-cpas tag-sociale\" role=\"listitem\">\n\t\t\t\t<div class=\"elementor-post__text\">\n\t\t\t\t<h3 class=\"elementor-post__title\">\n\t\t\t<a href=\"https:\/\/www.bdas-wwsb.brussels\/?p=3226\" >\n\t\t\t\t2.2.4.3. Quand et comment le CPAS calcule-t-il les ressources&nbsp;?\t\t\t<\/a>\n\t\t<\/h3>\n\t\t\t\t<\/div>\n\t\t\t\t<\/article>\n\t\t\t\t<article class=\"elementor-post elementor-grid-item post-3288 post type-post status-publish format-standard hentry category-aide-sociale-cpas tag-sociale\" role=\"listitem\">\n\t\t\t\t<div class=\"elementor-post__text\">\n\t\t\t\t<h3 class=\"elementor-post__title\">\n\t\t\t<a href=\"https:\/\/www.bdas-wwsb.brussels\/?p=3288\" >\n\t\t\t\t2.2.4.4. A quel montant s\u2019\u00e9l\u00e8ve le revenu d\u2019int\u00e9gration&nbsp;?\t\t\t<\/a>\n\t\t<\/h3>\n\t\t\t\t<\/div>\n\t\t\t\t<\/article>\n\t\t\t\t<article class=\"elementor-post elementor-grid-item post-3300 post type-post status-publish format-standard hentry category-aide-sociale-cpas tag-sociale\" role=\"listitem\">\n\t\t\t\t<div class=\"elementor-post__text\">\n\t\t\t\t<h3 class=\"elementor-post__title\">\n\t\t\t<a href=\"https:\/\/www.bdas-wwsb.brussels\/?p=3300\" >\n\t\t\t\t2.2.4.5. Des ressources sont elles exon\u00e9r\u00e9es?\t\t\t<\/a>\n\t\t<\/h3>\n\t\t\t\t<\/div>\n\t\t\t\t<\/article>\n\t\t\t\t<article class=\"elementor-post elementor-grid-item post-3321 post type-post status-publish format-standard hentry category-aide-sociale-cpas tag-sociale\" role=\"listitem\">\n\t\t\t\t<div class=\"elementor-post__text\">\n\t\t\t\t<h3 class=\"elementor-post__title\">\n\t\t\t<a href=\"https:\/\/www.bdas-wwsb.brussels\/?p=3321\" >\n\t\t\t\t2.2.4.6. L\u2019exon\u00e9ration \u00ab&nbsp;g\u00e9n\u00e9rale&nbsp;\u00bb ou \u00ab&nbsp;forfaitaire&nbsp;\u00bb\t\t\t<\/a>\n\t\t<\/h3>\n\t\t\t\t<\/div>\n\t\t\t\t<\/article>\n\t\t\t\t<article class=\"elementor-post elementor-grid-item post-3363 post type-post status-publish format-standard hentry category-aide-sociale-cpas tag-sociale\" role=\"listitem\">\n\t\t\t\t<div class=\"elementor-post__text\">\n\t\t\t\t<h3 class=\"elementor-post__title\">\n\t\t\t<a href=\"https:\/\/www.bdas-wwsb.brussels\/?p=3363\" >\n\t\t\t\t2.2.4.7. L\u2019exon\u00e9ration \u00ab&nbsp;socioprofessionnelle&nbsp;\u00bb\t\t\t<\/a>\n\t\t<\/h3>\n\t\t\t\t<\/div>\n\t\t\t\t<\/article>\n\t\t\t\t<article class=\"elementor-post elementor-grid-item post-3380 post type-post status-publish format-standard hentry category-aide-sociale-cpas tag-sociale\" role=\"listitem\">\n\t\t\t\t<div class=\"elementor-post__text\">\n\t\t\t\t<h3 class=\"elementor-post__title\">\n\t\t\t<a href=\"https:\/\/www.bdas-wwsb.brussels\/?p=3380\" >\n\t\t\t\t2.2.4.8. Que se passe-t-il si je suis cohabitant.e&nbsp;?\t\t\t<\/a>\n\t\t<\/h3>\n\t\t\t\t<\/div>\n\t\t\t\t<\/article>\n\t\t\t\t<article class=\"elementor-post elementor-grid-item post-3395 post type-post status-publish format-standard hentry category-aide-sociale-cpas tag-sociale\" role=\"listitem\">\n\t\t\t\t<div class=\"elementor-post__text\">\n\t\t\t\t<h3 class=\"elementor-post__title\">\n\t\t\t<a href=\"https:\/\/www.bdas-wwsb.brussels\/?p=3395\" >\n\t\t\t\t2.2.4.9. Comment le CPAS calcule-t-il le revenu d&rsquo;int\u00e9gration en cas de cohabitation&nbsp;?\t\t\t<\/a>\n\t\t<\/h3>\n\t\t\t\t<\/div>\n\t\t\t\t<\/article>\n\t\t\t\t<article class=\"elementor-post elementor-grid-item post-3425 post type-post status-publish format-standard hentry category-aide-sociale-cpas tag-sociale\" role=\"listitem\">\n\t\t\t\t<div class=\"elementor-post__text\">\n\t\t\t\t<h3 class=\"elementor-post__title\">\n\t\t\t<a href=\"https:\/\/www.bdas-wwsb.brussels\/?p=3425\" >\n\t\t\t\t2.2.4.10. Que se passe-t-il si je suis propri\u00e9taire&nbsp;?\t\t\t<\/a>\n\t\t<\/h3>\n\t\t\t\t<\/div>\n\t\t\t\t<\/article>\n\t\t\t\t<article class=\"elementor-post elementor-grid-item post-3440 post type-post status-publish format-standard hentry category-aide-sociale-cpas tag-sociale\" role=\"listitem\">\n\t\t\t\t<div class=\"elementor-post__text\">\n\t\t\t\t<h3 class=\"elementor-post__title\">\n\t\t\t<a href=\"https:\/\/www.bdas-wwsb.brussels\/?p=3440\" >\n\t\t\t\t2.2.4.11. Que se passe-t-il en cas d&rsquo;\u00e9pargne&nbsp;?\t\t\t<\/a>\n\t\t<\/h3>\n\t\t\t\t<\/div>\n\t\t\t\t<\/article>\n\t\t\t\t<article class=\"elementor-post elementor-grid-item post-3751 post type-post status-publish format-standard hentry category-aide-sociale-cpas tag-sociale\" role=\"listitem\">\n\t\t\t\t<div class=\"elementor-post__text\">\n\t\t\t\t<h3 class=\"elementor-post__title\">\n\t\t\t<a href=\"https:\/\/www.bdas-wwsb.brussels\/?p=3751\" >\n\t\t\t\t2.2.5. Que signifie la condition d\u2019\u00eatre dispos\u00e9(e) \u00e0 travailler&nbsp;?\t\t\t<\/a>\n\t\t<\/h3>\n\t\t\t\t<\/div>\n\t\t\t\t<\/article>\n\t\t\t\t<article class=\"elementor-post elementor-grid-item post-3465 post type-post status-publish format-standard hentry category-aide-sociale-cpas tag-sociale\" role=\"listitem\">\n\t\t\t\t<div class=\"elementor-post__text\">\n\t\t\t\t<h3 class=\"elementor-post__title\">\n\t\t\t<a href=\"https:\/\/www.bdas-wwsb.brussels\/?p=3465\" >\n\t\t\t\t2.2.5.1. Que recouvre la condition d\u2019\u00eatre dispos\u00e9(e) \u00e0 travailler&nbsp;?\t\t\t<\/a>\n\t\t<\/h3>\n\t\t\t\t<\/div>\n\t\t\t\t<\/article>\n\t\t\t\t<article class=\"elementor-post elementor-grid-item post-3471 post type-post status-publish format-standard hentry category-aide-sociale-cpas tag-sociale\" role=\"listitem\">\n\t\t\t\t<div class=\"elementor-post__text\">\n\t\t\t\t<h3 class=\"elementor-post__title\">\n\t\t\t<a href=\"https:\/\/www.bdas-wwsb.brussels\/?p=3471\" >\n\t\t\t\t2.2.5.2. Comment puis-je prouver que je suis dispos\u00e9(e) \u00e0 travailler&nbsp;?\t\t\t<\/a>\n\t\t<\/h3>\n\t\t\t\t<\/div>\n\t\t\t\t<\/article>\n\t\t\t\t<article class=\"elementor-post elementor-grid-item post-3882 post type-post status-publish format-standard hentry category-aide-sociale-cpas tag-sociale\" role=\"listitem\">\n\t\t\t\t<div class=\"elementor-post__text\">\n\t\t\t\t<h3 class=\"elementor-post__title\">\n\t\t\t<a href=\"https:\/\/www.bdas-wwsb.brussels\/?p=3882\" >\n\t\t\t\t2.2.5.3. Le Projet Individualis\u00e9\u00a0 d\u2019Int\u00e9gration\u00a0 Sociale (PIIS), c\u2019est quoi&nbsp;?\t\t\t<\/a>\n\t\t<\/h3>\n\t\t\t\t<\/div>\n\t\t\t\t<\/article>\n\t\t\t\t<article class=\"elementor-post elementor-grid-item post-3479 post type-post status-publish format-standard hentry category-aide-sociale-cpas tag-sociale\" role=\"listitem\">\n\t\t\t\t<div class=\"elementor-post__text\">\n\t\t\t\t<h3 class=\"elementor-post__title\">\n\t\t\t<a href=\"https:\/\/www.bdas-wwsb.brussels\/?p=3479\" >\n\t\t\t\t2.2.5.3.1. PIIS&nbsp;: quelle base l\u00e9gale&nbsp;? Quel but&nbsp;? Pour qui&nbsp;?\t\t\t<\/a>\n\t\t<\/h3>\n\t\t\t\t<\/div>\n\t\t\t\t<\/article>\n\t\t\t\t<article class=\"elementor-post elementor-grid-item post-3542 post type-post status-publish format-standard hentry category-aide-sociale-cpas tag-sociale\" role=\"listitem\">\n\t\t\t\t<div class=\"elementor-post__text\">\n\t\t\t\t<h3 class=\"elementor-post__title\">\n\t\t\t<a href=\"https:\/\/www.bdas-wwsb.brussels\/?p=3542\" >\n\t\t\t\t2.2.5.3.2. PIIS&nbsp;: comment le n\u00e9gocier, le modifier et\/ou le mettre \u00e0 jour&nbsp;?\t\t\t<\/a>\n\t\t<\/h3>\n\t\t\t\t<\/div>\n\t\t\t\t<\/article>\n\t\t\t\t<article class=\"elementor-post elementor-grid-item post-3548 post type-post status-publish format-standard hentry category-aide-sociale-cpas tag-sociale\" role=\"listitem\">\n\t\t\t\t<div class=\"elementor-post__text\">\n\t\t\t\t<h3 class=\"elementor-post__title\">\n\t\t\t<a href=\"https:\/\/www.bdas-wwsb.brussels\/?p=3548\" >\n\t\t\t\t2.2.5.3.3. PIIS&nbsp;: quelles sanctions&nbsp;?\t\t\t<\/a>\n\t\t<\/h3>\n\t\t\t\t<\/div>\n\t\t\t\t<\/article>\n\t\t\t\t<article class=\"elementor-post elementor-grid-item post-3888 post type-post status-publish format-standard hentry category-aide-sociale-cpas tag-sociale\" role=\"listitem\">\n\t\t\t\t<div class=\"elementor-post__text\">\n\t\t\t\t<h3 class=\"elementor-post__title\">\n\t\t\t<a href=\"https:\/\/www.bdas-wwsb.brussels\/?p=3888\" >\n\t\t\t\t2.2.5.4. L\u2019emploi \u00ab&nbsp;article 60&nbsp;\u00bb, c\u2019est quoi&nbsp;?\t\t\t<\/a>\n\t\t<\/h3>\n\t\t\t\t<\/div>\n\t\t\t\t<\/article>\n\t\t\t\t<article class=\"elementor-post elementor-grid-item post-3561 post type-post status-publish format-standard hentry category-aide-sociale-cpas tag-sociale\" role=\"listitem\">\n\t\t\t\t<div class=\"elementor-post__text\">\n\t\t\t\t<h3 class=\"elementor-post__title\">\n\t\t\t<a href=\"https:\/\/www.bdas-wwsb.brussels\/?p=3561\" >\n\t\t\t\t2.2.5.4.1. Article 60&nbsp;: quelle base l\u00e9gale&nbsp;? Quel but&nbsp;?\t\t\t<\/a>\n\t\t<\/h3>\n\t\t\t\t<\/div>\n\t\t\t\t<\/article>\n\t\t\t\t<article class=\"elementor-post elementor-grid-item post-3573 post type-post status-publish format-standard hentry category-aide-sociale-cpas tag-sociale\" role=\"listitem\">\n\t\t\t\t<div class=\"elementor-post__text\">\n\t\t\t\t<h3 class=\"elementor-post__title\">\n\t\t\t<a href=\"https:\/\/www.bdas-wwsb.brussels\/?p=3573\" >\n\t\t\t\t2.2.5.4.2. Article 60&nbsp;: quelles sont les cons\u00e9quences d\u2019une \u00abmise \u00e0 disposition\u00bb ?\t\t\t<\/a>\n\t\t<\/h3>\n\t\t\t\t<\/div>\n\t\t\t\t<\/article>\n\t\t\t\t<article class=\"elementor-post elementor-grid-item post-3581 post type-post status-publish format-standard hentry category-aide-sociale-cpas tag-sociale\" role=\"listitem\">\n\t\t\t\t<div class=\"elementor-post__text\">\n\t\t\t\t<h3 class=\"elementor-post__title\">\n\t\t\t<a href=\"https:\/\/www.bdas-wwsb.brussels\/?p=3581\" >\n\t\t\t\t2.2.5.4.3. Article 60&nbsp;: un droit ou une obligation&nbsp;?\t\t\t<\/a>\n\t\t<\/h3>\n\t\t\t\t<\/div>\n\t\t\t\t<\/article>\n\t\t\t\t<article class=\"elementor-post elementor-grid-item post-3589 post type-post status-publish format-standard hentry category-aide-sociale-cpas tag-sociale\" role=\"listitem\">\n\t\t\t\t<div class=\"elementor-post__text\">\n\t\t\t\t<h3 class=\"elementor-post__title\">\n\t\t\t<a href=\"https:\/\/www.bdas-wwsb.brussels\/?p=3589\" >\n\t\t\t\t2.2.5.4.4. Article 60&nbsp;: quel bar\u00e8me&nbsp;? Quelles t\u00e2ches&nbsp;?\t\t\t<\/a>\n\t\t<\/h3>\n\t\t\t\t<\/div>\n\t\t\t\t<\/article>\n\t\t\t\t<article class=\"elementor-post elementor-grid-item post-3594 post type-post status-publish format-standard hentry category-aide-sociale-cpas tag-sociale\" role=\"listitem\">\n\t\t\t\t<div class=\"elementor-post__text\">\n\t\t\t\t<h3 class=\"elementor-post__title\">\n\t\t\t<a href=\"https:\/\/www.bdas-wwsb.brussels\/?p=3594\" >\n\t\t\t\t2.2.5.4.5. Article 60&nbsp;: contrat de travail ou aide sociale&nbsp;?\t\t\t<\/a>\n\t\t<\/h3>\n\t\t\t\t<\/div>\n\t\t\t\t<\/article>\n\t\t\t\t<article class=\"elementor-post elementor-grid-item post-3599 post type-post status-publish format-standard hentry category-aide-sociale-cpas tag-sociale\" role=\"listitem\">\n\t\t\t\t<div class=\"elementor-post__text\">\n\t\t\t\t<h3 class=\"elementor-post__title\">\n\t\t\t<a href=\"https:\/\/www.bdas-wwsb.brussels\/?p=3599\" >\n\t\t\t\t2.2.5.4.6. Le CPAS peut-il exiger que je fasse un \u00ab&nbsp;stage&nbsp;\u00bb avant la signature du contrat \u00ab&nbsp;article 60&nbsp;\u00bb ?\t\t\t<\/a>\n\t\t<\/h3>\n\t\t\t\t<\/div>\n\t\t\t\t<\/article>\n\t\t\t\t<article class=\"elementor-post elementor-grid-item post-3893 post type-post status-publish format-standard hentry category-aide-sociale-cpas tag-sociale\" role=\"listitem\">\n\t\t\t\t<div class=\"elementor-post__text\">\n\t\t\t\t<h3 class=\"elementor-post__title\">\n\t\t\t<a href=\"https:\/\/www.bdas-wwsb.brussels\/?p=3893\" >\n\t\t\t\t2.2.6. Que signifie la condition de faire valoir l\u2019ensemble de vos droits&nbsp;?\t\t\t<\/a>\n\t\t<\/h3>\n\t\t\t\t<\/div>\n\t\t\t\t<\/article>\n\t\t\t\t<article class=\"elementor-post elementor-grid-item post-3696 post type-post status-publish format-standard hentry category-aide-sociale-cpas tag-sociale\" role=\"listitem\">\n\t\t\t\t<div class=\"elementor-post__text\">\n\t\t\t\t<h3 class=\"elementor-post__title\">\n\t\t\t<a href=\"https:\/\/www.bdas-wwsb.brussels\/?p=3696\" >\n\t\t\t\t2.2.6.1. Que recouvre la condition de faire valoir l\u2019ensemble de vos droits&nbsp;?\t\t\t<\/a>\n\t\t<\/h3>\n\t\t\t\t<\/div>\n\t\t\t\t<\/article>\n\t\t\t\t<article class=\"elementor-post elementor-grid-item post-3701 post type-post status-publish format-standard hentry category-aide-sociale-cpas tag-sociale\" role=\"listitem\">\n\t\t\t\t<div class=\"elementor-post__text\">\n\t\t\t\t<h3 class=\"elementor-post__title\">\n\t\t\t<a href=\"https:\/\/www.bdas-wwsb.brussels\/?p=3701\" >\n\t\t\t\t2.2.6.2. Que signifie faire appel \u00e0 mes d\u00e9biteurs alimentaires&nbsp;?\t\t\t<\/a>\n\t\t<\/h3>\n\t\t\t\t<\/div>\n\t\t\t\t<\/article>\n\t\t\t\t<article class=\"elementor-post elementor-grid-item post-4153 post type-post status-publish format-standard hentry category-aide-sociale-cpas tag-sociale\" role=\"listitem\">\n\t\t\t\t<div class=\"elementor-post__text\">\n\t\t\t\t<h3 class=\"elementor-post__title\">\n\t\t\t<a href=\"https:\/\/www.bdas-wwsb.brussels\/?p=4153\" >\n\t\t\t\t3. Le droit \u00e0 l\u2019aide sociale au sens strict, c\u2019est quoi&nbsp;?\t\t\t<\/a>\n\t\t<\/h3>\n\t\t\t\t<\/div>\n\t\t\t\t<\/article>\n\t\t\t\t<article class=\"elementor-post elementor-grid-item post-4159 post type-post status-publish format-standard hentry category-aide-sociale-cpas tag-sociale\" role=\"listitem\">\n\t\t\t\t<div class=\"elementor-post__text\">\n\t\t\t\t<h3 class=\"elementor-post__title\">\n\t\t\t<a href=\"https:\/\/www.bdas-wwsb.brussels\/?p=4159\" >\n\t\t\t\t3.1. Quelle est la base l\u00e9gale et les formes de l\u2019aide sociale&nbsp;?\t\t\t<\/a>\n\t\t<\/h3>\n\t\t\t\t<\/div>\n\t\t\t\t<\/article>\n\t\t\t\t<article class=\"elementor-post elementor-grid-item post-4178 post type-post status-publish format-standard hentry category-aide-sociale-cpas tag-sociale\" role=\"listitem\">\n\t\t\t\t<div class=\"elementor-post__text\">\n\t\t\t\t<h3 class=\"elementor-post__title\">\n\t\t\t<a href=\"https:\/\/www.bdas-wwsb.brussels\/?p=4178\" >\n\t\t\t\t3.2. Quelles sont les conditions de l\u2019aide sociale au sens strict&nbsp;?\t\t\t<\/a>\n\t\t<\/h3>\n\t\t\t\t<\/div>\n\t\t\t\t<\/article>\n\t\t\t\t<article class=\"elementor-post elementor-grid-item post-4200 post type-post status-publish format-standard hentry category-aide-sociale-cpas tag-sociale\" role=\"listitem\">\n\t\t\t\t<div class=\"elementor-post__text\">\n\t\t\t\t<h3 class=\"elementor-post__title\">\n\t\t\t<a href=\"https:\/\/www.bdas-wwsb.brussels\/?p=4200\" >\n\t\t\t\t3.3. Qu\u2019est-ce que l\u2019aide sociale \u00e9quivalente au revenu d\u2019int\u00e9gration sociale (ERIS ou ASE)&nbsp;?\t\t\t<\/a>\n\t\t<\/h3>\n\t\t\t\t<\/div>\n\t\t\t\t<\/article>\n\t\t\t\t<article class=\"elementor-post elementor-grid-item post-4225 post type-post status-publish format-standard hentry category-aide-sociale-cpas tag-sociale\" role=\"listitem\">\n\t\t\t\t<div class=\"elementor-post__text\">\n\t\t\t\t<h3 class=\"elementor-post__title\">\n\t\t\t<a href=\"https:\/\/www.bdas-wwsb.brussels\/?p=4225\" >\n\t\t\t\t3.4. Je ne rentre pas dans les conditions pour obtenir le RI &#8211; ou le montant du RI et\/ou le montant de mes ressources est insuffisant. Que dois-je faire pour obtenir l\u2019aide sociale au sens strict&nbsp;?\t\t\t<\/a>\n\t\t<\/h3>\n\t\t\t\t<\/div>\n\t\t\t\t<\/article>\n\t\t\t\t<article class=\"elementor-post elementor-grid-item post-4241 post type-post status-publish format-standard hentry category-aide-sociale-cpas tag-sociale\" role=\"listitem\">\n\t\t\t\t<div class=\"elementor-post__text\">\n\t\t\t\t<h3 class=\"elementor-post__title\">\n\t\t\t<a href=\"https:\/\/www.bdas-wwsb.brussels\/?p=4241\" >\n\t\t\t\t4. Quels sont les exemples de types d\u2019aides propos\u00e9es par les CPAS&nbsp;?\t\t\t<\/a>\n\t\t<\/h3>\n\t\t\t\t<\/div>\n\t\t\t\t<\/article>\n\t\t\t\t<article class=\"elementor-post elementor-grid-item post-4247 post type-post status-publish format-standard hentry category-aide-sociale-cpas tag-sociale\" role=\"listitem\">\n\t\t\t\t<div class=\"elementor-post__text\">\n\t\t\t\t<h3 class=\"elementor-post__title\">\n\t\t\t<a href=\"https:\/\/www.bdas-wwsb.brussels\/?p=4247\" >\n\t\t\t\t4.1. Quelles sont les aides financi\u00e8res octroy\u00e9es par les CPAS&nbsp;?\t\t\t<\/a>\n\t\t<\/h3>\n\t\t\t\t<\/div>\n\t\t\t\t<\/article>\n\t\t\t\t<article class=\"elementor-post elementor-grid-item post-4264 post type-post status-publish format-standard hentry category-aide-sociale-cpas tag-sociale\" role=\"listitem\">\n\t\t\t\t<div class=\"elementor-post__text\">\n\t\t\t\t<h3 class=\"elementor-post__title\">\n\t\t\t<a href=\"https:\/\/www.bdas-wwsb.brussels\/?p=4264\" >\n\t\t\t\t4.2. Quelles sont les aides au logement et\/ou pour personnes sans-abri&nbsp;?\t\t\t<\/a>\n\t\t<\/h3>\n\t\t\t\t<\/div>\n\t\t\t\t<\/article>\n\t\t\t\t<article class=\"elementor-post elementor-grid-item post-4275 post type-post status-publish format-standard hentry category-aide-sociale-cpas tag-sociale\" role=\"listitem\">\n\t\t\t\t<div class=\"elementor-post__text\">\n\t\t\t\t<h3 class=\"elementor-post__title\">\n\t\t\t<a href=\"https:\/\/www.bdas-wwsb.brussels\/?p=4275\" >\n\t\t\t\t4.2.0. Les diff\u00e9rentes formes d\u2019aides au logement\t\t\t<\/a>\n\t\t<\/h3>\n\t\t\t\t<\/div>\n\t\t\t\t<\/article>\n\t\t\t\t<article class=\"elementor-post elementor-grid-item post-4287 post type-post status-publish format-standard hentry category-aide-sociale-cpas tag-sociale\" role=\"listitem\">\n\t\t\t\t<div class=\"elementor-post__text\">\n\t\t\t\t<h3 class=\"elementor-post__title\">\n\t\t\t<a href=\"https:\/\/www.bdas-wwsb.brussels\/?p=4287\" >\n\t\t\t\t4.2.1. Les logements d\u2019urgence et\/ou la prise en charge des frais en centre\t\t\t<\/a>\n\t\t<\/h3>\n\t\t\t\t<\/div>\n\t\t\t\t<\/article>\n\t\t\t\t<article class=\"elementor-post elementor-grid-item post-4295 post type-post status-publish format-standard hentry category-aide-sociale-cpas tag-sociale\" role=\"listitem\">\n\t\t\t\t<div class=\"elementor-post__text\">\n\t\t\t\t<h3 class=\"elementor-post__title\">\n\t\t\t<a href=\"https:\/\/www.bdas-wwsb.brussels\/?p=4295\" >\n\t\t\t\t4.2.2. L\u2019aide pour la constitution de la garantie locative\t\t\t<\/a>\n\t\t<\/h3>\n\t\t\t\t<\/div>\n\t\t\t\t<\/article>\n\t\t\t\t<article class=\"elementor-post elementor-grid-item post-4309 post type-post status-publish format-standard hentry category-aide-sociale-cpas tag-sociale\" role=\"listitem\">\n\t\t\t\t<div class=\"elementor-post__text\">\n\t\t\t\t<h3 class=\"elementor-post__title\">\n\t\t\t<a href=\"https:\/\/www.bdas-wwsb.brussels\/?p=4309\" >\n\t\t\t\t4.2.3 La prime d\u2019installation\t\t\t<\/a>\n\t\t<\/h3>\n\t\t\t\t<\/div>\n\t\t\t\t<\/article>\n\t\t\t\t<article class=\"elementor-post elementor-grid-item post-4334 post type-post status-publish format-standard hentry category-aide-sociale-cpas tag-sociale\" role=\"listitem\">\n\t\t\t\t<div class=\"elementor-post__text\">\n\t\t\t\t<h3 class=\"elementor-post__title\">\n\t\t\t<a href=\"https:\/\/www.bdas-wwsb.brussels\/?p=4334\" >\n\t\t\t\t4.2.4. L\u2019adresse de r\u00e9f\u00e9rence\t\t\t<\/a>\n\t\t<\/h3>\n\t\t\t\t<\/div>\n\t\t\t\t<\/article>\n\t\t\t\t<article class=\"elementor-post elementor-grid-item post-4364 post type-post status-publish format-standard hentry category-aide-sociale-cpas tag-sociale\" role=\"listitem\">\n\t\t\t\t<div class=\"elementor-post__text\">\n\t\t\t\t<h3 class=\"elementor-post__title\">\n\t\t\t<a href=\"https:\/\/www.bdas-wwsb.brussels\/?p=4364\" >\n\t\t\t\t4.2.5. Les aides financi\u00e8res pour les loyers, le d\u00e9m\u00e9nagement et\/ou les frais d\u2019h\u00e9bergement\t\t\t<\/a>\n\t\t<\/h3>\n\t\t\t\t<\/div>\n\t\t\t\t<\/article>\n\t\t\t\t<article class=\"elementor-post elementor-grid-item post-4378 post type-post status-publish format-standard hentry category-aide-sociale-cpas tag-sociale\" role=\"listitem\">\n\t\t\t\t<div class=\"elementor-post__text\">\n\t\t\t\t<h3 class=\"elementor-post__title\">\n\t\t\t<a href=\"https:\/\/www.bdas-wwsb.brussels\/?p=4378\" >\n\t\t\t\t4.2.6. Les aides pour la recherche d\u2019un nouveau logement et\/ou logement social\t\t\t<\/a>\n\t\t<\/h3>\n\t\t\t\t<\/div>\n\t\t\t\t<\/article>\n\t\t\t\t<article class=\"elementor-post elementor-grid-item post-4392 post type-post status-publish format-standard hentry category-aide-sociale-cpas tag-sociale\" role=\"listitem\">\n\t\t\t\t<div class=\"elementor-post__text\">\n\t\t\t\t<h3 class=\"elementor-post__title\">\n\t\t\t<a href=\"https:\/\/www.bdas-wwsb.brussels\/?p=4392\" >\n\t\t\t\t4.3. Quelles sont les aides aux soins de sant\u00e9&nbsp;?\t\t\t<\/a>\n\t\t<\/h3>\n\t\t\t\t<\/div>\n\t\t\t\t<\/article>\n\t\t\t\t<article class=\"elementor-post elementor-grid-item post-4400 post type-post status-publish format-standard hentry category-aide-sociale-cpas tag-sociale\" role=\"listitem\">\n\t\t\t\t<div class=\"elementor-post__text\">\n\t\t\t\t<h3 class=\"elementor-post__title\">\n\t\t\t<a href=\"https:\/\/www.bdas-wwsb.brussels\/?p=4400\" >\n\t\t\t\t4.3.1. L\u2019aide pour l\u2019affiliation aupr\u00e8s de la mutuelle ou CAAMI\t\t\t<\/a>\n\t\t<\/h3>\n\t\t\t\t<\/div>\n\t\t\t\t<\/article>\n\t\t\t\t<article class=\"elementor-post elementor-grid-item post-4408 post type-post status-publish format-standard hentry category-aide-sociale-cpas tag-sociale\" role=\"listitem\">\n\t\t\t\t<div class=\"elementor-post__text\">\n\t\t\t\t<h3 class=\"elementor-post__title\">\n\t\t\t<a href=\"https:\/\/www.bdas-wwsb.brussels\/?p=4408\" >\n\t\t\t\t4.3.2. La carte m\u00e9dicale et\/ou les r\u00e9quisitoires\t\t\t<\/a>\n\t\t<\/h3>\n\t\t\t\t<\/div>\n\t\t\t\t<\/article>\n\t\t\t\t<article class=\"elementor-post elementor-grid-item post-4423 post type-post status-publish format-standard hentry category-aide-sociale-cpas tag-sociale\" role=\"listitem\">\n\t\t\t\t<div class=\"elementor-post__text\">\n\t\t\t\t<h3 class=\"elementor-post__title\">\n\t\t\t<a href=\"https:\/\/www.bdas-wwsb.brussels\/?p=4423\" >\n\t\t\t\t4.3.3. L\u2019aide m\u00e9dicale urgente (AMU)\t\t\t<\/a>\n\t\t<\/h3>\n\t\t\t\t<\/div>\n\t\t\t\t<\/article>\n\t\t\t\t<article class=\"elementor-post elementor-grid-item post-4445 post type-post status-publish format-standard hentry category-aide-sociale-cpas tag-sociale\" role=\"listitem\">\n\t\t\t\t<div class=\"elementor-post__text\">\n\t\t\t\t<h3 class=\"elementor-post__title\">\n\t\t\t<a href=\"https:\/\/www.bdas-wwsb.brussels\/?p=4445\" >\n\t\t\t\t4.4. Quelles sont les aides d\u2019\u00e9nergie et\/ou d\u2019eau&nbsp;?\t\t\t<\/a>\n\t\t<\/h3>\n\t\t\t\t<\/div>\n\t\t\t\t<\/article>\n\t\t\t\t<article class=\"elementor-post elementor-grid-item post-4456 post type-post status-publish format-standard hentry category-aide-sociale-cpas tag-sociale\" role=\"listitem\">\n\t\t\t\t<div class=\"elementor-post__text\">\n\t\t\t\t<h3 class=\"elementor-post__title\">\n\t\t\t<a href=\"https:\/\/www.bdas-wwsb.brussels\/?p=4456\" >\n\t\t\t\t4.5. Quelles sont les aides \u00e0 la participation \u00e0 la vie sociale, culturelle et sportive&nbsp;?\t\t\t<\/a>\n\t\t<\/h3>\n\t\t\t\t<\/div>\n\t\t\t\t<\/article>\n\t\t\t\t<article class=\"elementor-post elementor-grid-item post-4470 post type-post status-publish format-standard hentry category-aide-sociale-cpas tag-sociale\" role=\"listitem\">\n\t\t\t\t<div class=\"elementor-post__text\">\n\t\t\t\t<h3 class=\"elementor-post__title\">\n\t\t\t<a href=\"https:\/\/www.bdas-wwsb.brussels\/?p=4470\" >\n\t\t\t\t4.6. Quelles sont les aides en nature qui peuvent \u00eatre octroy\u00e9es par les CPAS&nbsp;?\t\t\t<\/a>\n\t\t<\/h3>\n\t\t\t\t<\/div>\n\t\t\t\t<\/article>\n\t\t\t\t<article class=\"elementor-post elementor-grid-item post-4478 post type-post status-publish format-standard hentry category-aide-sociale-cpas tag-sociale\" role=\"listitem\">\n\t\t\t\t<div class=\"elementor-post__text\">\n\t\t\t\t<h3 class=\"elementor-post__title\">\n\t\t\t<a href=\"https:\/\/www.bdas-wwsb.brussels\/?p=4478\" >\n\t\t\t\t4.7. La cr\u00e9ation de services par les CPAS.\t\t\t<\/a>\n\t\t<\/h3>\n\t\t\t\t<\/div>\n\t\t\t\t<\/article>\n\t\t\t\t<article class=\"elementor-post elementor-grid-item post-4489 post type-post status-publish format-standard hentry category-aide-sociale-cpas tag-sociale\" role=\"listitem\">\n\t\t\t\t<div class=\"elementor-post__text\">\n\t\t\t\t<h3 class=\"elementor-post__title\">\n\t\t\t<a href=\"https:\/\/www.bdas-wwsb.brussels\/?p=4489\" >\n\t\t\t\t5. Si je perds mon droit aux allocations de ch\u00f4mage, ai-je droit au RI et\/ou \u00e0 l\u2019aide sociale au sens strict&nbsp;?\t\t\t<\/a>\n\t\t<\/h3>\n\t\t\t\t<\/div>\n\t\t\t\t<\/article>\n\t\t\t\t<article class=\"elementor-post elementor-grid-item post-4495 post type-post status-publish format-standard hentry category-aide-sociale-cpas tag-sociale\" role=\"listitem\">\n\t\t\t\t<div class=\"elementor-post__text\">\n\t\t\t\t<h3 class=\"elementor-post__title\">\n\t\t\t<a href=\"https:\/\/www.bdas-wwsb.brussels\/?p=4495\" >\n\t\t\t\t6. Je suis ind\u00e9pendant(e), ai-je droit au RI et\/ou \u00e0 l\u2019aide sociale au sens strict&nbsp;?\t\t\t<\/a>\n\t\t<\/h3>\n\t\t\t\t<\/div>\n\t\t\t\t<\/article>\n\t\t\t\t<article class=\"elementor-post elementor-grid-item post-6317 post type-post status-publish format-standard hentry category-aide-sociale-cpas tag-sociale\" role=\"listitem\">\n\t\t\t\t<div class=\"elementor-post__text\">\n\t\t\t\t<h3 class=\"elementor-post__title\">\n\t\t\t<a href=\"https:\/\/www.bdas-wwsb.brussels\/?p=6317\" >\n\t\t\t\t7. Est-ce que le CPAS peut r\u00e9cup\u00e9rer l\u2019argent qu\u2019il m\u2019a vers\u00e9&nbsp;?\t\t\t<\/a>\n\t\t<\/h3>\n\t\t\t\t<\/div>\n\t\t\t\t<\/article>\n\t\t\t\t<article class=\"elementor-post elementor-grid-item post-7112 post type-post status-publish format-standard hentry category-aide-sociale-cpas tag-sociale\" role=\"listitem\">\n\t\t\t\t<div class=\"elementor-post__text\">\n\t\t\t\t<h3 class=\"elementor-post__title\">\n\t\t\t<a href=\"https:\/\/www.bdas-wwsb.brussels\/?p=7112\" >\n\t\t\t\t7.1. Principe\t\t\t<\/a>\n\t\t<\/h3>\n\t\t\t\t<\/div>\n\t\t\t\t<\/article>\n\t\t\t\t<article class=\"elementor-post elementor-grid-item post-7121 post type-post status-publish format-standard hentry category-aide-sociale-cpas tag-sociale\" role=\"listitem\">\n\t\t\t\t<div class=\"elementor-post__text\">\n\t\t\t\t<h3 class=\"elementor-post__title\">\n\t\t\t<a href=\"https:\/\/www.bdas-wwsb.brussels\/?p=7121\" >\n\t\t\t\t7.2. Le remboursement du revenu d\u2019int\u00e9gration (RI)\t\t\t<\/a>\n\t\t<\/h3>\n\t\t\t\t<\/div>\n\t\t\t\t<\/article>\n\t\t\t\t<article class=\"elementor-post elementor-grid-item post-7130 post type-post status-publish format-standard hentry category-aide-sociale-cpas tag-sociale\" role=\"listitem\">\n\t\t\t\t<div class=\"elementor-post__text\">\n\t\t\t\t<h3 class=\"elementor-post__title\">\n\t\t\t<a href=\"https:\/\/www.bdas-wwsb.brussels\/?p=7130\" >\n\t\t\t\t7.2.1. En cas de r\u00e9vision des d\u00e9cisions lorsque la loi a \u00e9t\u00e9 modifi\u00e9e ou lorsque des circonstances ayant une incidence sur vos droits ont chang\u00e9\t\t\t<\/a>\n\t\t<\/h3>\n\t\t\t\t<\/div>\n\t\t\t\t<\/article>\n\t\t\t\t<article class=\"elementor-post elementor-grid-item post-7145 post type-post status-publish format-standard hentry category-aide-sociale-cpas tag-sociale\" role=\"listitem\">\n\t\t\t\t<div class=\"elementor-post__text\">\n\t\t\t\t<h3 class=\"elementor-post__title\">\n\t\t\t<a href=\"https:\/\/www.bdas-wwsb.brussels\/?p=7145\" >\n\t\t\t\t7.2.2. Si le CPAS commet une erreur mat\u00e9rielle ou juridique\t\t\t<\/a>\n\t\t<\/h3>\n\t\t\t\t<\/div>\n\t\t\t\t<\/article>\n\t\t\t\t<article class=\"elementor-post elementor-grid-item post-7154 post type-post status-publish format-standard hentry category-aide-sociale-cpas tag-sociale\" role=\"listitem\">\n\t\t\t\t<div class=\"elementor-post__text\">\n\t\t\t\t<h3 class=\"elementor-post__title\">\n\t\t\t<a href=\"https:\/\/www.bdas-wwsb.brussels\/?p=7154\" >\n\t\t\t\t7.2.3. Si vous avez fait une omission ou des d\u00e9clarations inexactes ou incompl\u00e8tes sur votre situation et que cela a un impact sur les conditions d\u2019octroi du revenu d\u2019int\u00e9gration\t\t\t<\/a>\n\t\t<\/h3>\n\t\t\t\t<\/div>\n\t\t\t\t<\/article>\n\t\t\t\t<article class=\"elementor-post elementor-grid-item post-7163 post type-post status-publish format-standard hentry category-aide-sociale-cpas tag-sociale\" role=\"listitem\">\n\t\t\t\t<div class=\"elementor-post__text\">\n\t\t\t\t<h3 class=\"elementor-post__title\">\n\t\t\t<a href=\"https:\/\/www.bdas-wwsb.brussels\/?p=7163\" >\n\t\t\t\t7.2.4. Lorsque le revenu d\u2019int\u00e9gration est octroy\u00e9 \u00e0 titre d\u2019avance sur une prestation sociale ou tout autre droit\t\t\t<\/a>\n\t\t<\/h3>\n\t\t\t\t<\/div>\n\t\t\t\t<\/article>\n\t\t\t\t<article class=\"elementor-post elementor-grid-item post-7172 post type-post status-publish format-standard hentry category-aide-sociale-cpas tag-sociale\" role=\"listitem\">\n\t\t\t\t<div class=\"elementor-post__text\">\n\t\t\t\t<h3 class=\"elementor-post__title\">\n\t\t\t<a href=\"https:\/\/www.bdas-wwsb.brussels\/?p=7172\" >\n\t\t\t\t7.2.5. Quelle est la proc\u00e9dure de r\u00e9cup\u00e9ration&nbsp;?\t\t\t<\/a>\n\t\t<\/h3>\n\t\t\t\t<\/div>\n\t\t\t\t<\/article>\n\t\t\t\t<article class=\"elementor-post elementor-grid-item post-16565 post type-post status-publish format-standard hentry category-aide-sociale-cpas tag-sociale\" role=\"listitem\">\n\t\t\t\t<div class=\"elementor-post__text\">\n\t\t\t\t<h3 class=\"elementor-post__title\">\n\t\t\t<a href=\"https:\/\/www.bdas-wwsb.brussels\/?p=16565\" >\n\t\t\t\t7.3. Remboursement des frais de l&rsquo;aide sociale au sens strict\t\t\t<\/a>\n\t\t<\/h3>\n\t\t\t\t<\/div>\n\t\t\t\t<\/article>\n\t\t\t\t<article class=\"elementor-post elementor-grid-item post-7181 post type-post status-publish format-standard hentry category-aide-sociale-cpas tag-sociale\" role=\"listitem\">\n\t\t\t\t<div class=\"elementor-post__text\">\n\t\t\t\t<h3 class=\"elementor-post__title\">\n\t\t\t<a href=\"https:\/\/www.bdas-wwsb.brussels\/?p=7181\" >\n\t\t\t\t7.3.0. Le remboursement des frais de l\u2019aide sociale au sens strict\t\t\t<\/a>\n\t\t<\/h3>\n\t\t\t\t<\/div>\n\t\t\t\t<\/article>\n\t\t\t\t<article class=\"elementor-post elementor-grid-item post-7190 post type-post status-publish format-standard hentry category-aide-sociale-cpas tag-sociale\" role=\"listitem\">\n\t\t\t\t<div class=\"elementor-post__text\">\n\t\t\t\t<h3 class=\"elementor-post__title\">\n\t\t\t<a href=\"https:\/\/www.bdas-wwsb.brussels\/?p=7190\" >\n\t\t\t\t7.3.1. En cas d\u2019avances faites par le CPAS\t\t\t<\/a>\n\t\t<\/h3>\n\t\t\t\t<\/div>\n\t\t\t\t<\/article>\n\t\t\t\t<article class=\"elementor-post elementor-grid-item post-7199 post type-post status-publish format-standard hentry category-aide-sociale-cpas tag-sociale\" role=\"listitem\">\n\t\t\t\t<div class=\"elementor-post__text\">\n\t\t\t\t<h3 class=\"elementor-post__title\">\n\t\t\t<a href=\"https:\/\/www.bdas-wwsb.brussels\/?p=7199\" >\n\t\t\t\t7.3.2. En cas de fausses d\u00e9clarations de votre part\t\t\t<\/a>\n\t\t<\/h3>\n\t\t\t\t<\/div>\n\t\t\t\t<\/article>\n\t\t\t\t<article class=\"elementor-post elementor-grid-item post-7210 post type-post status-publish format-standard hentry category-aide-sociale-cpas tag-sociale\" role=\"listitem\">\n\t\t\t\t<div class=\"elementor-post__text\">\n\t\t\t\t<h3 class=\"elementor-post__title\">\n\t\t\t<a href=\"https:\/\/www.bdas-wwsb.brussels\/?p=7210\" >\n\t\t\t\t7.3.3. Le remboursement des frais de l\u2019aide sociale en cas d\u2019erreur du CPAS\t\t\t<\/a>\n\t\t<\/h3>\n\t\t\t\t<\/div>\n\t\t\t\t<\/article>\n\t\t\t\t<article class=\"elementor-post elementor-grid-item post-7219 post type-post status-publish format-standard hentry category-aide-sociale-cpas tag-sociale\" role=\"listitem\">\n\t\t\t\t<div class=\"elementor-post__text\">\n\t\t\t\t<h3 class=\"elementor-post__title\">\n\t\t\t<a href=\"https:\/\/www.bdas-wwsb.brussels\/?p=7219\" >\n\t\t\t\t7.3.4. Le remboursement des frais de l\u2019aide sociale octroy\u00e9s par le CPAS pour les personnes \u00e2g\u00e9es plac\u00e9es en maison de repos\t\t\t<\/a>\n\t\t<\/h3>\n\t\t\t\t<\/div>\n\t\t\t\t<\/article>\n\t\t\t\t<article class=\"elementor-post elementor-grid-item post-7231 post type-post status-publish format-standard hentry category-aide-sociale-cpas tag-sociale\" role=\"listitem\">\n\t\t\t\t<div class=\"elementor-post__text\">\n\t\t\t\t<h3 class=\"elementor-post__title\">\n\t\t\t<a href=\"https:\/\/www.bdas-wwsb.brussels\/?p=7231\" >\n\t\t\t\t8. Est-ce que le CPAS peut r\u00e9cup\u00e9rer l\u2019argent qu\u2019il m\u2019a vers\u00e9 aupr\u00e8s des tiers&nbsp;?\t\t\t<\/a>\n\t\t<\/h3>\n\t\t\t\t<\/div>\n\t\t\t\t<\/article>\n\t\t\t\t<article class=\"elementor-post elementor-grid-item post-7256 post type-post status-publish format-standard hentry category-aide-sociale-cpas tag-sociale\" role=\"listitem\">\n\t\t\t\t<div class=\"elementor-post__text\">\n\t\t\t\t<h3 class=\"elementor-post__title\">\n\t\t\t<a href=\"https:\/\/www.bdas-wwsb.brussels\/?p=7256\" >\n\t\t\t\t8.0. D\u00e9finition d\u2019un tiers\t\t\t<\/a>\n\t\t<\/h3>\n\t\t\t\t<\/div>\n\t\t\t\t<\/article>\n\t\t\t\t<article class=\"elementor-post elementor-grid-item post-7263 post type-post status-publish format-standard hentry category-aide-sociale-cpas tag-sociale\" role=\"listitem\">\n\t\t\t\t<div class=\"elementor-post__text\">\n\t\t\t\t<h3 class=\"elementor-post__title\">\n\t\t\t<a href=\"https:\/\/www.bdas-wwsb.brussels\/?p=7263\" >\n\t\t\t\t8.1. La r\u00e9cup\u00e9ration aupr\u00e8s des d\u00e9biteurs alimentaires\t\t\t<\/a>\n\t\t<\/h3>\n\t\t\t\t<\/div>\n\t\t\t\t<\/article>\n\t\t\t\t<article class=\"elementor-post elementor-grid-item post-7275 post type-post status-publish format-standard hentry category-aide-sociale-cpas tag-sociale\" role=\"listitem\">\n\t\t\t\t<div class=\"elementor-post__text\">\n\t\t\t\t<h3 class=\"elementor-post__title\">\n\t\t\t<a href=\"https:\/\/www.bdas-wwsb.brussels\/?p=7275\" >\n\t\t\t\t8.1.1. Qui sont les d\u00e9biteurs alimentaires\u00a0 ?\t\t\t<\/a>\n\t\t<\/h3>\n\t\t\t\t<\/div>\n\t\t\t\t<\/article>\n\t\t\t\t<article class=\"elementor-post elementor-grid-item post-16537 post type-post status-publish format-standard hentry category-aide-sociale-cpas tag-sociale\" role=\"listitem\">\n\t\t\t\t<div class=\"elementor-post__text\">\n\t\t\t\t<h3 class=\"elementor-post__title\">\n\t\t\t<a href=\"https:\/\/www.bdas-wwsb.brussels\/?p=16537\" >\n\t\t\t\t8.1.2. Proc\u00e9dures de r\u00e9cup\u00e9ration aupr\u00e8s des d\u00e9biteurs d&rsquo;aliments\t\t\t<\/a>\n\t\t<\/h3>\n\t\t\t\t<\/div>\n\t\t\t\t<\/article>\n\t\t\t\t<article class=\"elementor-post elementor-grid-item post-7284 post type-post status-publish format-standard hentry category-aide-sociale-cpas tag-sociale\" role=\"listitem\">\n\t\t\t\t<div class=\"elementor-post__text\">\n\t\t\t\t<h3 class=\"elementor-post__title\">\n\t\t\t<a href=\"https:\/\/www.bdas-wwsb.brussels\/?p=7284\" >\n\t\t\t\t8.1.2.0 Les 2 proc\u00e9dures de r\u00e9cup\u00e9ration aupr\u00e8s des d\u00e9biteurs d\u2019aliments\t\t\t<\/a>\n\t\t<\/h3>\n\t\t\t\t<\/div>\n\t\t\t\t<\/article>\n\t\t\t\t<article class=\"elementor-post elementor-grid-item post-7300 post type-post status-publish format-standard hentry category-aide-sociale-cpas tag-sociale\" role=\"listitem\">\n\t\t\t\t<div class=\"elementor-post__text\">\n\t\t\t\t<h3 class=\"elementor-post__title\">\n\t\t\t<a href=\"https:\/\/www.bdas-wwsb.brussels\/?p=7300\" >\n\t\t\t\t8.1.2.1. L\u2019intervention ou le renvoi vers les d\u00e9biteurs alimentaires au moment de l\u2019octroi\t\t\t<\/a>\n\t\t<\/h3>\n\t\t\t\t<\/div>\n\t\t\t\t<\/article>\n\t\t\t\t<article class=\"elementor-post elementor-grid-item post-7309 post type-post status-publish format-standard hentry category-aide-sociale-cpas tag-sociale\" role=\"listitem\">\n\t\t\t\t<div class=\"elementor-post__text\">\n\t\t\t\t<h3 class=\"elementor-post__title\">\n\t\t\t<a href=\"https:\/\/www.bdas-wwsb.brussels\/?p=7309\" >\n\t\t\t\t8.1.2.2. La r\u00e9cup\u00e9ration aupr\u00e8s des d\u00e9biteurs alimentaires apr\u00e8s l\u2019octroi\t\t\t<\/a>\n\t\t<\/h3>\n\t\t\t\t<\/div>\n\t\t\t\t<\/article>\n\t\t\t\t<article class=\"elementor-post elementor-grid-item post-7318 post type-post status-publish format-standard hentry category-aide-sociale-cpas tag-sociale\" role=\"listitem\">\n\t\t\t\t<div class=\"elementor-post__text\">\n\t\t\t\t<h3 class=\"elementor-post__title\">\n\t\t\t<a href=\"https:\/\/www.bdas-wwsb.brussels\/?p=7318\" >\n\t\t\t\t8.1.2.2.1. Qu\u2019est-ce que la subrogation l\u00e9gale&nbsp;?\t\t\t<\/a>\n\t\t<\/h3>\n\t\t\t\t<\/div>\n\t\t\t\t<\/article>\n\t\t\t\t<article class=\"elementor-post elementor-grid-item post-7327 post type-post status-publish format-standard hentry category-aide-sociale-cpas tag-sociale\" role=\"listitem\">\n\t\t\t\t<div class=\"elementor-post__text\">\n\t\t\t\t<h3 class=\"elementor-post__title\">\n\t\t\t<a href=\"https:\/\/www.bdas-wwsb.brussels\/?p=7327\" >\n\t\t\t\t8.1.2.2.2. Les limites de la r\u00e9cup\u00e9ration a posteriori\t\t\t<\/a>\n\t\t<\/h3>\n\t\t\t\t<\/div>\n\t\t\t\t<\/article>\n\t\t\t\t<article class=\"elementor-post elementor-grid-item post-7351 post type-post status-publish format-standard hentry category-aide-sociale-cpas tag-sociale\" role=\"listitem\">\n\t\t\t\t<div class=\"elementor-post__text\">\n\t\t\t\t<h3 class=\"elementor-post__title\">\n\t\t\t<a href=\"https:\/\/www.bdas-wwsb.brussels\/?p=7351\" >\n\t\t\t\t8.2. La r\u00e9cup\u00e9ration aupr\u00e8s des h\u00e9ritiers et les l\u00e9gataires\t\t\t<\/a>\n\t\t<\/h3>\n\t\t\t\t<\/div>\n\t\t\t\t<\/article>\n\t\t\t\t<article class=\"elementor-post elementor-grid-item post-7363 post type-post status-publish format-standard hentry category-aide-sociale-cpas tag-sociale\" role=\"listitem\">\n\t\t\t\t<div class=\"elementor-post__text\">\n\t\t\t\t<h3 class=\"elementor-post__title\">\n\t\t\t<a href=\"https:\/\/www.bdas-wwsb.brussels\/?p=7363\" >\n\t\t\t\t8.3. La r\u00e9cup\u00e9ration aupr\u00e8s d\u2019un tiers responsable\t\t\t<\/a>\n\t\t<\/h3>\n\t\t\t\t<\/div>\n\t\t\t\t<\/article>\n\t\t\t\t<article class=\"elementor-post elementor-grid-item post-7372 post type-post status-publish format-standard hentry category-aide-sociale-cpas tag-sociale\" role=\"listitem\">\n\t\t\t\t<div class=\"elementor-post__text\">\n\t\t\t\t<h3 class=\"elementor-post__title\">\n\t\t\t<a href=\"https:\/\/www.bdas-wwsb.brussels\/?p=7372\" >\n\t\t\t\t8.4. Les modalit\u00e9s de la proc\u00e9dure de r\u00e9cup\u00e9ration aupr\u00e8s des tiers\t\t\t<\/a>\n\t\t<\/h3>\n\t\t\t\t<\/div>\n\t\t\t\t<\/article>\n\t\t\t\t<article class=\"elementor-post elementor-grid-item post-7381 post type-post status-publish format-standard hentry category-aide-sociale-cpas tag-sociale\" role=\"listitem\">\n\t\t\t\t<div class=\"elementor-post__text\">\n\t\t\t\t<h3 class=\"elementor-post__title\">\n\t\t\t<a href=\"https:\/\/www.bdas-wwsb.brussels\/?p=7381\" >\n\t\t\t\t8.4.1. La d\u00e9cision du CPAS\t\t\t<\/a>\n\t\t<\/h3>\n\t\t\t\t<\/div>\n\t\t\t\t<\/article>\n\t\t\t\t<article class=\"elementor-post elementor-grid-item post-7405 post type-post status-publish format-standard hentry category-aide-sociale-cpas tag-sociale\" role=\"listitem\">\n\t\t\t\t<div class=\"elementor-post__text\">\n\t\t\t\t<h3 class=\"elementor-post__title\">\n\t\t\t<a href=\"https:\/\/www.bdas-wwsb.brussels\/?p=7405\" >\n\t\t\t\t8.4.2. La prescription\t\t\t<\/a>\n\t\t<\/h3>\n\t\t\t\t<\/div>\n\t\t\t\t<\/article>\n\t\t\t\t<article class=\"elementor-post elementor-grid-item post-7414 post type-post status-publish format-standard hentry category-aide-sociale-cpas tag-sociale\" role=\"listitem\">\n\t\t\t\t<div class=\"elementor-post__text\">\n\t\t\t\t<h3 class=\"elementor-post__title\">\n\t\t\t<a href=\"https:\/\/www.bdas-wwsb.brussels\/?p=7414\" >\n\t\t\t\t8.4.2.1. En mati\u00e8re de revenu d\u2019int\u00e9gration\t\t\t<\/a>\n\t\t<\/h3>\n\t\t\t\t<\/div>\n\t\t\t\t<\/article>\n\t\t\t\t<article class=\"elementor-post elementor-grid-item post-10957 post type-post status-publish format-standard hentry category-aide-sociale-cpas tag-sociale\" role=\"listitem\">\n\t\t\t\t<div class=\"elementor-post__text\">\n\t\t\t\t<h3 class=\"elementor-post__title\">\n\t\t\t<a href=\"https:\/\/www.bdas-wwsb.brussels\/?p=10957\" >\n\t\t\t\t8.4.2.2. En mati\u00e8re d\u2019aide sociale\t\t\t<\/a>\n\t\t<\/h3>\n\t\t\t\t<\/div>\n\t\t\t\t<\/article>\n\t\t\t\t<article class=\"elementor-post elementor-grid-item post-7423 post type-post status-publish format-standard hentry category-aide-sociale-cpas tag-sociale\" role=\"listitem\">\n\t\t\t\t<div class=\"elementor-post__text\">\n\t\t\t\t<h3 class=\"elementor-post__title\">\n\t\t\t<a href=\"https:\/\/www.bdas-wwsb.brussels\/?p=7423\" >\n\t\t\t\t8.4.3. Les recours en cas de renvoi ou r\u00e9cup\u00e9ration aupr\u00e8s des tiers\t\t\t<\/a>\n\t\t<\/h3>\n\t\t\t\t<\/div>\n\t\t\t\t<\/article>\n\t\t\t\t<article class=\"elementor-post elementor-grid-item post-7432 post type-post status-publish format-standard hentry category-aide-sociale-cpas tag-sociale\" role=\"listitem\">\n\t\t\t\t<div class=\"elementor-post__text\">\n\t\t\t\t<h3 class=\"elementor-post__title\">\n\t\t\t<a href=\"https:\/\/www.bdas-wwsb.brussels\/?p=7432\" >\n\t\t\t\t9. Existe-t-il des sanctions&nbsp;?\t\t\t<\/a>\n\t\t<\/h3>\n\t\t\t\t<\/div>\n\t\t\t\t<\/article>\n\t\t\t\t<article class=\"elementor-post elementor-grid-item post-7444 post type-post status-publish format-standard hentry category-aide-sociale-cpas tag-sociale\" role=\"listitem\">\n\t\t\t\t<div class=\"elementor-post__text\">\n\t\t\t\t<h3 class=\"elementor-post__title\">\n\t\t\t<a href=\"https:\/\/www.bdas-wwsb.brussels\/?p=7444\" >\n\t\t\t\t9.1. Sanctions en mati\u00e8re de revenu d\u2019int\u00e9gration\t\t\t<\/a>\n\t\t<\/h3>\n\t\t\t\t<\/div>\n\t\t\t\t<\/article>\n\t\t\t\t<article class=\"elementor-post elementor-grid-item post-7453 post type-post status-publish format-standard hentry category-aide-sociale-cpas tag-sociale\" role=\"listitem\">\n\t\t\t\t<div class=\"elementor-post__text\">\n\t\t\t\t<h3 class=\"elementor-post__title\">\n\t\t\t<a href=\"https:\/\/www.bdas-wwsb.brussels\/?p=7453\" >\n\t\t\t\t9.2. Sanctions en mati\u00e8re d\u2019aide sociale au sens strict\t\t\t<\/a>\n\t\t<\/h3>\n\t\t\t\t<\/div>\n\t\t\t\t<\/article>\n\t\t\t\t<article class=\"elementor-post elementor-grid-item post-7462 post type-post status-publish format-standard hentry category-aide-sociale-cpas tag-sociale\" role=\"listitem\">\n\t\t\t\t<div class=\"elementor-post__text\">\n\t\t\t\t<h3 class=\"elementor-post__title\">\n\t\t\t<a href=\"https:\/\/www.bdas-wwsb.brussels\/?p=7462\" >\n\t\t\t\t10. Je suis \u00e9tudiant(e), ai-je droit au revenu d\u2019int\u00e9gration et\/ou \u00e0 l\u2019aide sociale&nbsp;?\t\t\t<\/a>\n\t\t<\/h3>\n\t\t\t\t<\/div>\n\t\t\t\t<\/article>\n\t\t\t\t<article class=\"elementor-post elementor-grid-item post-7468 post type-post status-publish format-standard hentry category-aide-sociale-cpas tag-sociale\" role=\"listitem\">\n\t\t\t\t<div class=\"elementor-post__text\">\n\t\t\t\t<h3 class=\"elementor-post__title\">\n\t\t\t<a href=\"https:\/\/www.bdas-wwsb.brussels\/?p=7468\" >\n\t\t\t\t10.1. En ce qui concerne le revenu d\u2019int\u00e9gration\t\t\t<\/a>\n\t\t<\/h3>\n\t\t\t\t<\/div>\n\t\t\t\t<\/article>\n\t\t\t\t<article class=\"elementor-post elementor-grid-item post-7482 post type-post status-publish format-standard hentry category-aide-sociale-cpas tag-sociale\" role=\"listitem\">\n\t\t\t\t<div class=\"elementor-post__text\">\n\t\t\t\t<h3 class=\"elementor-post__title\">\n\t\t\t<a href=\"https:\/\/www.bdas-wwsb.brussels\/?p=7482\" >\n\t\t\t\t10.2. En ce qui concerne l\u2019aide sociale\t\t\t<\/a>\n\t\t<\/h3>\n\t\t\t\t<\/div>\n\t\t\t\t<\/article>\n\t\t\t\t<article class=\"elementor-post elementor-grid-item post-7492 post type-post status-publish format-standard hentry category-aide-sociale-cpas tag-sociale\" role=\"listitem\">\n\t\t\t\t<div class=\"elementor-post__text\">\n\t\t\t\t<h3 class=\"elementor-post__title\">\n\t\t\t<a href=\"https:\/\/www.bdas-wwsb.brussels\/?p=7492\" >\n\t\t\t\t10.3. Je suis \u00e9tudiant(e) europ\u00e9en(ne) et je demande (ou je dispose d\u00e9j\u00e0) du revenu d\u2019int\u00e9gration. Quelles cons\u00e9quences sur mon titre de s\u00e9jour&nbsp;?\t\t\t<\/a>\n\t\t<\/h3>\n\t\t\t\t<\/div>\n\t\t\t\t<\/article>\n\t\t\t\t<article class=\"elementor-post elementor-grid-item post-7511 post type-post status-publish format-standard hentry category-aide-sociale-cpas tag-sociale\" role=\"listitem\">\n\t\t\t\t<div class=\"elementor-post__text\">\n\t\t\t\t<h3 class=\"elementor-post__title\">\n\t\t\t<a href=\"https:\/\/www.bdas-wwsb.brussels\/?p=7511\" >\n\t\t\t\t10.4. Je suis \u00e9tudiant(e) de nationalit\u00e9 hors Union europ\u00e9enne et je demande des aides sociales. Quelles cons\u00e9quences sur mon titre de s\u00e9jour&nbsp;?\t\t\t<\/a>\n\t\t<\/h3>\n\t\t\t\t<\/div>\n\t\t\t\t<\/article>\n\t\t\t\t<article class=\"elementor-post elementor-grid-item post-7520 post type-post status-publish format-standard hentry category-aide-sociale-cpas tag-sociale\" role=\"listitem\">\n\t\t\t\t<div class=\"elementor-post__text\">\n\t\t\t\t<h3 class=\"elementor-post__title\">\n\t\t\t<a href=\"https:\/\/www.bdas-wwsb.brussels\/?p=7520\" >\n\t\t\t\t11. Je suis citoyen(ne) de l\u2019Union europ\u00e9enne (ou Suisse), ai-je droit au revenu d\u2019int\u00e9gration et\/ou \u00e0 l\u2019aide sociale&nbsp;?\t\t\t<\/a>\n\t\t<\/h3>\n\t\t\t\t<\/div>\n\t\t\t\t<\/article>\n\t\t\t\t<article class=\"elementor-post elementor-grid-item post-7526 post type-post status-publish format-standard hentry category-aide-sociale-cpas tag-sociale\" role=\"listitem\">\n\t\t\t\t<div class=\"elementor-post__text\">\n\t\t\t\t<h3 class=\"elementor-post__title\">\n\t\t\t<a href=\"https:\/\/www.bdas-wwsb.brussels\/?p=7526\" >\n\t\t\t\t11.1. En ce qui concerne le revenu d\u2019int\u00e9gration\t\t\t<\/a>\n\t\t<\/h3>\n\t\t\t\t<\/div>\n\t\t\t\t<\/article>\n\t\t\t\t<article class=\"elementor-post elementor-grid-item post-7535 post type-post status-publish format-standard hentry category-aide-sociale-cpas tag-sociale\" role=\"listitem\">\n\t\t\t\t<div class=\"elementor-post__text\">\n\t\t\t\t<h3 class=\"elementor-post__title\">\n\t\t\t<a href=\"https:\/\/www.bdas-wwsb.brussels\/?p=7535\" >\n\t\t\t\t11.2. En ce qui concerne l\u2019aide sociale au sens strict\t\t\t<\/a>\n\t\t<\/h3>\n\t\t\t\t<\/div>\n\t\t\t\t<\/article>\n\t\t\t\t<article class=\"elementor-post elementor-grid-item post-7544 post type-post status-publish format-standard hentry category-aide-sociale-cpas tag-sociale\" role=\"listitem\">\n\t\t\t\t<div class=\"elementor-post__text\">\n\t\t\t\t<h3 class=\"elementor-post__title\">\n\t\t\t<a href=\"https:\/\/www.bdas-wwsb.brussels\/?p=7544\" >\n\t\t\t\t11.3. Que signifie la \u00ab&nbsp;charge d\u00e9raisonnable&nbsp;\u00bb ou \u201cdisproportionn\u00e9e\u201d ?\t\t\t<\/a>\n\t\t<\/h3>\n\t\t\t\t<\/div>\n\t\t\t\t<\/article>\n\t\t\t\t<article class=\"elementor-post elementor-grid-item post-7553 post type-post status-publish format-standard hentry category-aide-sociale-cpas tag-sociale\" role=\"listitem\">\n\t\t\t\t<div class=\"elementor-post__text\">\n\t\t\t\t<h3 class=\"elementor-post__title\">\n\t\t\t<a href=\"https:\/\/www.bdas-wwsb.brussels\/?p=7553\" >\n\t\t\t\t11.4. Que faire si l\u2019Office des \u00e9trangers met fin ou ne renouvelle pas mon titre de s\u00e9jour \u00a0?\t\t\t<\/a>\n\t\t<\/h3>\n\t\t\t\t<\/div>\n\t\t\t\t<\/article>\n\t\t\t\t<article class=\"elementor-post elementor-grid-item post-7562 post type-post status-publish format-standard hentry category-aide-sociale-cpas tag-sociale\" role=\"listitem\">\n\t\t\t\t<div class=\"elementor-post__text\">\n\t\t\t\t<h3 class=\"elementor-post__title\">\n\t\t\t<a href=\"https:\/\/www.bdas-wwsb.brussels\/?p=7562\" >\n\t\t\t\t12. Je suis une personne d\u2019origine \u00e9trang\u00e8re hors UE, ai-je droit au revenu d\u2019int\u00e9gration et\/ou \u00e0 l\u2019aide sociale&nbsp;?\t\t\t<\/a>\n\t\t<\/h3>\n\t\t\t\t<\/div>\n\t\t\t\t<\/article>\n\t\t\t\t<article class=\"elementor-post elementor-grid-item post-7568 post type-post status-publish format-standard hentry category-aide-sociale-cpas tag-sociale\" role=\"listitem\">\n\t\t\t\t<div class=\"elementor-post__text\">\n\t\t\t\t<h3 class=\"elementor-post__title\">\n\t\t\t<a href=\"https:\/\/www.bdas-wwsb.brussels\/?p=7568\" >\n\t\t\t\t12.1. En ce qui concerne le revenu d\u2019int\u00e9gration\t\t\t<\/a>\n\t\t<\/h3>\n\t\t\t\t<\/div>\n\t\t\t\t<\/article>\n\t\t\t\t<article class=\"elementor-post elementor-grid-item post-7577 post type-post status-publish format-standard hentry category-aide-sociale-cpas tag-sociale\" role=\"listitem\">\n\t\t\t\t<div class=\"elementor-post__text\">\n\t\t\t\t<h3 class=\"elementor-post__title\">\n\t\t\t<a href=\"https:\/\/www.bdas-wwsb.brussels\/?p=7577\" >\n\t\t\t\t12.2. En ce qui concerne le droit \u00e0 l\u2019aide sociale au sens strict\t\t\t<\/a>\n\t\t<\/h3>\n\t\t\t\t<\/div>\n\t\t\t\t<\/article>\n\t\t\t\t<article class=\"elementor-post elementor-grid-item post-7586 post type-post status-publish format-standard hentry category-aide-sociale-cpas tag-sociale\" role=\"listitem\">\n\t\t\t\t<div class=\"elementor-post__text\">\n\t\t\t\t<h3 class=\"elementor-post__title\">\n\t\t\t<a href=\"https:\/\/www.bdas-wwsb.brussels\/?p=7586\" >\n\t\t\t\t13. Je suis un(e) mineur(e) d\u2019origine \u00e9trang\u00e8re, en s\u00e9jour ill\u00e9gal, accompagn\u00e9(e) de mes parents ou non accompagn\u00e9(e) (MENA)&nbsp;: ai-je droit \u00e0 l\u2019aide sociale&nbsp;?\t\t\t<\/a>\n\t\t<\/h3>\n\t\t\t\t<\/div>\n\t\t\t\t<\/article>\n\t\t\t\t<article class=\"elementor-post elementor-grid-item post-7592 post type-post status-publish format-standard hentry category-aide-sociale-cpas tag-sociale\" role=\"listitem\">\n\t\t\t\t<div class=\"elementor-post__text\">\n\t\t\t\t<h3 class=\"elementor-post__title\">\n\t\t\t<a href=\"https:\/\/www.bdas-wwsb.brussels\/?p=7592\" >\n\t\t\t\t14. Si je suis demandeur(se) d\u2019asile, ai-je droit \u00e0 l\u2019aide sociale&nbsp;?\t\t\t<\/a>\n\t\t<\/h3>\n\t\t\t\t<\/div>\n\t\t\t\t<\/article>\n\t\t\t\t<\/div>\n\t\t\n\t\t\t\t\t\t<\/div>\n\t\t\t\t<\/div>\n\t\t\t\t\t<\/div>\n\t\t<\/div>\n\t\t\t\t<div class=\"elementor-column elementor-col-50 elementor-top-column elementor-element elementor-element-6ccadd7\" data-id=\"6ccadd7\" data-element_type=\"column\" data-e-type=\"column\">\n\t\t\t<div class=\"elementor-widget-wrap elementor-element-populated\">\n\t\t\t\t\t\t<section class=\"elementor-section elementor-inner-section elementor-element elementor-element-1487c5f noprint elementor-section-boxed elementor-section-height-default elementor-section-height-default\" data-id=\"1487c5f\" data-element_type=\"section\" data-e-type=\"section\" data-settings=\"{&quot;background_background&quot;:&quot;classic&quot;,&quot;sticky&quot;:&quot;top&quot;,&quot;sticky_on&quot;:[&quot;desktop&quot;,&quot;tablet&quot;],&quot;sticky_offset&quot;:0,&quot;sticky_effects_offset&quot;:0,&quot;sticky_anchor_link_offset&quot;:0}\">\n\t\t\t\t\t\t<div class=\"elementor-container elementor-column-gap-default\">\n\t\t\t\t\t<div class=\"elementor-column elementor-col-100 elementor-inner-column elementor-element elementor-element-59e9ff0\" data-id=\"59e9ff0\" data-element_type=\"column\" data-e-type=\"column\">\n\t\t\t<div class=\"elementor-widget-wrap elementor-element-populated\">\n\t\t\t\t\t\t<div class=\"elementor-element elementor-element-65f3f53 elementor-widget elementor-widget-spacer\" data-id=\"65f3f53\" data-element_type=\"widget\" data-e-type=\"widget\" data-widget_type=\"spacer.default\">\n\t\t\t\t<div class=\"elementor-widget-container\">\n\t\t\t\t\t\t\t<div class=\"elementor-spacer\">\n\t\t\t<div class=\"elementor-spacer-inner\"><\/div>\n\t\t<\/div>\n\t\t\t\t\t\t<\/div>\n\t\t\t\t<\/div>\n\t\t\t\t<div class=\"elementor-element elementor-element-1601d38 elementor-widget elementor-widget-image\" data-id=\"1601d38\" data-element_type=\"widget\" data-e-type=\"widget\" data-widget_type=\"image.default\">\n\t\t\t\t<div class=\"elementor-widget-container\">\n\t\t\t\t\t\t\t\t\t\t\t\t\t\t\t\t<a href=\"?page_id=1954\">\n\t\t\t\t\t\t\t<img fetchpriority=\"high\" decoding=\"async\" width=\"512\" height=\"512\" src=\"https:\/\/www.bdas-wwsb.brussels\/wp-content\/uploads\/2024\/03\/bdas-aidesociale-fr-512.png\" class=\"elementor-animation-grow attachment-full size-full wp-image-2329\" alt=\"Aide sociale &amp; CPAS\" srcset=\"https:\/\/www.bdas-wwsb.brussels\/wp-content\/uploads\/2024\/03\/bdas-aidesociale-fr-512.png 512w, https:\/\/www.bdas-wwsb.brussels\/wp-content\/uploads\/2024\/03\/bdas-aidesociale-fr-512-300x300.png 300w, https:\/\/www.bdas-wwsb.brussels\/wp-content\/uploads\/2024\/03\/bdas-aidesociale-fr-512-150x150.png 150w\" sizes=\"(max-width: 512px) 100vw, 512px\" loading=\"eager\" \/>\t\t\t\t\t\t\t\t<\/a>\n\t\t\t\t\t\t\t\t\t\t\t\t\t\t\t<\/div>\n\t\t\t\t<\/div>\n\t\t\t\t<div class=\"elementor-element elementor-element-393c5e3 elementor-widget elementor-widget-heading\" data-id=\"393c5e3\" data-element_type=\"widget\" data-e-type=\"widget\" data-widget_type=\"heading.default\">\n\t\t\t\t<div class=\"elementor-widget-container\">\n\t\t\t\t\t<div class=\"elementor-heading-title elementor-size-default\">120+<\/div>\t\t\t\t<\/div>\n\t\t\t\t<\/div>\n\t\t\t\t<div class=\"elementor-element elementor-element-2473571 elementor-widget elementor-widget-heading\" data-id=\"2473571\" data-element_type=\"widget\" data-e-type=\"widget\" data-widget_type=\"heading.default\">\n\t\t\t\t<div class=\"elementor-widget-container\">\n\t\t\t\t\t<div class=\"elementor-heading-title elementor-size-default\">Articles<\/div>\t\t\t\t<\/div>\n\t\t\t\t<\/div>\n\t\t\t\t\t<\/div>\n\t\t<\/div>\n\t\t\t\t\t<\/div>\n\t\t<\/section>\n\t\t\t\t\t<\/div>\n\t\t<\/div>\n\t\t\t\t\t<\/div>\n\t\t<\/section>\n\t\t\t\t<\/div>","protected":false},"excerpt":{"rendered":"<p>Qu\u2019est-ce que le droit \u00e0 l\u2019aide sociale&nbsp;? Que recouvre-t-il&nbsp;? + Articles<\/p>","protected":false},"author":1,"featured_media":0,"parent":0,"menu_order":0,"comment_status":"closed","ping_status":"closed","template":"elementor_header_footer","meta":{"footnotes":""},"class_list":["post-1954","page","type-page","status-publish","hentry"],"_links":{"self":[{"href":"https:\/\/www.bdas-wwsb.brussels\/index.php?rest_route=\/wp\/v2\/pages\/1954","targetHints":{"allow":["GET"]}}],"collection":[{"href":"https:\/\/www.bdas-wwsb.brussels\/index.php?rest_route=\/wp\/v2\/pages"}],"about":[{"href":"https:\/\/www.bdas-wwsb.brussels\/index.php?rest_route=\/wp\/v2\/types\/page"}],"author":[{"embeddable":true,"href":"https:\/\/www.bdas-wwsb.brussels\/index.php?rest_route=\/wp\/v2\/users\/1"}],"replies":[{"embeddable":true,"href":"https:\/\/www.bdas-wwsb.brussels\/index.php?rest_route=%2Fwp%2Fv2%2Fcomments&post=1954"}],"version-history":[{"count":0,"href":"https:\/\/www.bdas-wwsb.brussels\/index.php?rest_route=\/wp\/v2\/pages\/1954\/revisions"}],"wp:attachment":[{"href":"https:\/\/www.bdas-wwsb.brussels\/index.php?rest_route=%2Fwp%2Fv2%2Fmedia&parent=1954"}],"curies":[{"name":"wp","href":"https:\/\/api.w.org\/{rel}","templated":true}]}}